{"id":250,"date":"2018-09-22T09:11:21","date_gmt":"2018-09-22T09:11:21","guid":{"rendered":"http:\/\/www.radirofestival.ro\/?page_id=250"},"modified":"2018-09-24T17:10:07","modified_gmt":"2018-09-24T17:10:07","slug":"orchestra-de-jazz-a-radio-televiziunii-din-croatia","status":"publish","type":"page","link":"https:\/\/www.radirofestival.ro\/?page_id=250","title":{"rendered":"Orchestra de Jazz a Radio-Televiziunii din Croa\u021bia"},"content":{"rendered":"<p><img loading=\"lazy\" class=\"size-medium wp-image-396 alignleft\" src=\"https:\/\/www.radirofestival.ro\/wp-content\/uploads\/2018\/09\/Croatian-Radiotelevision-Jazz-Orchestra_2-300x211.jpg\" alt=\"\" width=\"300\" height=\"211\" srcset=\"https:\/\/www.radirofestival.ro\/wp-content\/uploads\/2018\/09\/Croatian-Radiotelevision-Jazz-Orchestra_2-300x211.jpg 300w, https:\/\/www.radirofestival.ro\/wp-content\/uploads\/2018\/09\/Croatian-Radiotelevision-Jazz-Orchestra_2-768x540.jpg 768w, https:\/\/www.radirofestival.ro\/wp-content\/uploads\/2018\/09\/Croatian-Radiotelevision-Jazz-Orchestra_2-1024x719.jpg 1024w, https:\/\/www.radirofestival.ro\/wp-content\/uploads\/2018\/09\/Croatian-Radiotelevision-Jazz-Orchestra_2-350x246.jpg 350w, https:\/\/www.radirofestival.ro\/wp-content\/uploads\/2018\/09\/Croatian-Radiotelevision-Jazz-Orchestra_2.jpg 1523w\" sizes=\"(max-width: 300px) 100vw, 300px\" \/><\/p>\n<p>Orchestra de Jazz a Radio-Televiziunii din Croa\u021bia, singurul ansamblu profesional de acest fel din Croa\u021bia, are o istorie de 70 de ani, fiind una dintre cele mai vechi orchestre big band din lume. Fondat\u0103 \u00een stagiunea din 1946 -1947 ca Radio Zagreb Dance Orchestra, ini\u021bial pentru programe radio \u0219i \u00eenregistr\u0103ri, \u00een timp a \u00eenceput s\u0103 sus\u021bin\u0103 concerte cu public. Pe l\u00e2ng\u0103 particip\u0103rile la numeroase concerte publice \u0219i programe independente \u00een Croa\u021bia \u0219i \u00een str\u0103in\u0103tate, din 2000 are propria stagiune de concerte, care este difuzat\u0103 pe Canalul 3 al Radiodifuziunii din Croa\u021bia.<\/p>\n<p>La pupitrul orchestrei s-au aflat dirijori renumi\u021bi, printre care Miljenko Prohaska, cel care a condus ansamblul timp de peste 30 de ani. Orchestra a debutat pe scena interna\u021bional\u0103 la K\u00f6ln \u00een 1955. Au urmat turnee \u00een Bulgaria, Polonia \u0219i fosta URSS, precum \u0219i concerte \u00een cadrul festivalurilor de jazz din Frankfurt \u0219i Nagykanizsa, dar \u0219i la M\u00fcnchen, \u00een 1972, ca parte a programului cultural \u0219i de divertisment pe durata Jocurilor Olimpice.<\/p>\n<p>Fiind unul dintre cele mai importante ansambluri de jazz pe scena muzical\u0103 din Croa\u021bia, orchestra este format\u0103 din muzicieni de jazz foarte aprecia\u021bi, mul\u021bi dintre ei fiind \u00een acela\u0219i timp \u0219i compozitori \u0219i aranjori. Din 2015 Andreas Marinello este dirijor-\u0219ef al orchestrei.<\/p>\n","protected":false},"excerpt":{"rendered":"<p>Orchestra de Jazz a Radio-Televiziunii din Croa\u021bia, singurul ansamblu profesional de acest fel din Croa\u021bia, are o istorie de 70 de ani, fiind una dintre cele mai vechi orchestre big band din lume. Fondat\u0103 \u00een stagiunea din 1946 -1947 ca Radio Zagreb Dance Orchestra, ini\u021bial pentru programe radio \u0219i \u00eenregistr\u0103ri, \u00een timp a \u00eenceput s\u0103 &hellip; <\/p>\n","protected":false},"author":2,"featured_media":395,"parent":0,"menu_order":0,"comment_status":"closed","ping_status":"closed","template":"","meta":[],"_links":{"self":[{"href":"https:\/\/www.radirofestival.ro\/index.php?rest_route=\/wp\/v2\/pages\/250"}],"collection":[{"href":"https:\/\/www.radirofestival.ro\/index.php?rest_route=\/wp\/v2\/pages"}],"about":[{"href":"https:\/\/www.radirofestival.ro\/index.php?rest_route=\/wp\/v2\/types\/page"}],"author":[{"embeddable":true,"href":"https:\/\/www.radirofestival.ro\/index.php?rest_route=\/wp\/v2\/users\/2"}],"replies":[{"embeddable":true,"href":"https:\/\/www.radirofestival.ro\/index.php?rest_route=%2Fwp%2Fv2%2Fcomments&post=250"}],"version-history":[{"count":5,"href":"https:\/\/www.radirofestival.ro\/index.php?rest_route=\/wp\/v2\/pages\/250\/revisions"}],"predecessor-version":[{"id":935,"href":"https:\/\/www.radirofestival.ro\/index.php?rest_route=\/wp\/v2\/pages\/250\/revisions\/935"}],"wp:featuredmedia":[{"embeddable":true,"href":"https:\/\/www.radirofestival.ro\/index.php?rest_route=\/wp\/v2\/media\/395"}],"wp:attachment":[{"href":"https:\/\/www.radirofestival.ro\/index.php?rest_route=%2Fwp%2Fv2%2Fmedia&parent=250"}],"curies":[{"name":"wp","href":"https:\/\/api.w.org\/{rel}","templated":true}]}}