{"id":290,"date":"2018-09-22T09:35:08","date_gmt":"2018-09-22T09:35:08","guid":{"rendered":"http:\/\/www.radirofestival.ro\/?page_id=290"},"modified":"2018-09-24T16:53:54","modified_gmt":"2018-09-24T16:53:54","slug":"kristof-barati-violonist","status":"publish","type":"page","link":"https:\/\/www.radirofestival.ro\/?page_id=290","title":{"rendered":"Krist\u00f3f Bar\u00e1ti &#8211; violonist"},"content":{"rendered":"<p><img loading=\"lazy\" class=\"size-medium wp-image-389\" src=\"https:\/\/www.radirofestival.ro\/wp-content\/uploads\/2018\/09\/Kristof-Barati_SOLIST2_credit-Marco-Borggreve-2-283x300.jpg\" alt=\"\" width=\"283\" height=\"300\" srcset=\"https:\/\/www.radirofestival.ro\/wp-content\/uploads\/2018\/09\/Kristof-Barati_SOLIST2_credit-Marco-Borggreve-2-283x300.jpg 283w, https:\/\/www.radirofestival.ro\/wp-content\/uploads\/2018\/09\/Kristof-Barati_SOLIST2_credit-Marco-Borggreve-2-768x814.jpg 768w, https:\/\/www.radirofestival.ro\/wp-content\/uploads\/2018\/09\/Kristof-Barati_SOLIST2_credit-Marco-Borggreve-2-966x1024.jpg 966w\" sizes=\"(max-width: 283px) 100vw, 283px\" \/><\/p>\n<p>Renumele mondial al acestui muzician de clas\u0103, ce st\u0103p\u00e2ne\u0219te o palet\u0103 expresiv\u0103 vast\u0103 \u0219i o tehnic\u0103 impecabil\u0103 este \u00een continu\u0103 cre\u0219tere. Cu o prezen\u021b\u0103 constant\u0103 \u00een via\u021ba artistic\u0103 a Ungariei natale, unde sus\u021bine recitaluri, concerte simfonice \u0219i camerale, Krist\u00f3f Bar\u00e1ti este un apreciat invitat al marilor ansambluri simfonice din Europa, America de Nord \u0219i Asia. \u00a0Jean-Efflam Bavouzet, Mischa Maisky, Yuri Bashmet, Mikl\u00f3s Per\u00e9nyi, Nikolai Lugansky se afl\u0103 \u00eentre partenerii faimo\u0219i de scen\u0103 ai violonistului.<\/p>\n<p>Krist\u00f3f Bar\u00e1ti a f\u0103cut senza\u021bie \u00een cadrul Festivalului de la Verbier, din 2016, cu interpretarea sonatelor \u0219i partitelor solo de Bach. Lucr\u0103rile bachiene men\u021bionate se reg\u0103sesc, dealtfel, \u0219i \u00een discografia sa, al\u0103turi de albume cu sonate de Beethoven, Brahms, Ysa\u00ffe, Ravel, Bart\u00f3k, lucr\u0103ri concertante de Mozart, Paganini, Korngold.<\/p>\n<p>In 2014 i-a fost decernat Premiul Kossuth- cea mai \u00eenalt\u0103 distinc\u021bie cultural\u0103 din Ungaria.<\/p>\n<p>Krist\u00f3f Bar\u00e1ti c\u00e2nt\u0103 pe vioara Stradivarius \u201cLady Harmsworth\u201d din 1703, pus\u0103 la dispozi\u021bie de Stradivarius Society of Chicago.<\/p>\n<p>&nbsp;<\/p>\n<p>&nbsp;<\/p>\n<ul>\n<li><em>credit photo: Marco-Borggreve<\/em><\/li>\n<\/ul>\n","protected":false},"excerpt":{"rendered":"<p>Renumele mondial al acestui muzician de clas\u0103, ce st\u0103p\u00e2ne\u0219te o palet\u0103 expresiv\u0103 vast\u0103 \u0219i o tehnic\u0103 impecabil\u0103 este \u00een continu\u0103 cre\u0219tere. Cu o prezen\u021b\u0103 constant\u0103 \u00een via\u021ba artistic\u0103 a Ungariei natale, unde sus\u021bine recitaluri, concerte simfonice \u0219i camerale, Krist\u00f3f Bar\u00e1ti este un apreciat invitat al marilor ansambluri simfonice din Europa, America de Nord \u0219i Asia. &hellip; <\/p>\n","protected":false},"author":2,"featured_media":383,"parent":0,"menu_order":0,"comment_status":"closed","ping_status":"closed","template":"","meta":[],"_links":{"self":[{"href":"https:\/\/www.radirofestival.ro\/index.php?rest_route=\/wp\/v2\/pages\/290"}],"collection":[{"href":"https:\/\/www.radirofestival.ro\/index.php?rest_route=\/wp\/v2\/pages"}],"about":[{"href":"https:\/\/www.radirofestival.ro\/index.php?rest_route=\/wp\/v2\/types\/page"}],"author":[{"embeddable":true,"href":"https:\/\/www.radirofestival.ro\/index.php?rest_route=\/wp\/v2\/users\/2"}],"replies":[{"embeddable":true,"href":"https:\/\/www.radirofestival.ro\/index.php?rest_route=%2Fwp%2Fv2%2Fcomments&post=290"}],"version-history":[{"count":3,"href":"https:\/\/www.radirofestival.ro\/index.php?rest_route=\/wp\/v2\/pages\/290\/revisions"}],"predecessor-version":[{"id":789,"href":"https:\/\/www.radirofestival.ro\/index.php?rest_route=\/wp\/v2\/pages\/290\/revisions\/789"}],"wp:featuredmedia":[{"embeddable":true,"href":"https:\/\/www.radirofestival.ro\/index.php?rest_route=\/wp\/v2\/media\/383"}],"wp:attachment":[{"href":"https:\/\/www.radirofestival.ro\/index.php?rest_route=%2Fwp%2Fv2%2Fmedia&parent=290"}],"curies":[{"name":"wp","href":"https:\/\/api.w.org\/{rel}","templated":true}]}}