{"id":303,"date":"2018-09-22T09:40:52","date_gmt":"2018-09-22T09:40:52","guid":{"rendered":"http:\/\/www.radirofestival.ro\/?page_id=303"},"modified":"2018-11-07T11:56:47","modified_gmt":"2018-11-07T11:56:47","slug":"nelson-goerner-pianist","status":"publish","type":"page","link":"https:\/\/www.radirofestival.ro\/?page_id=303","title":{"rendered":"Nelson Goerner &#8211; pianist"},"content":{"rendered":"<p>&nbsp;<\/p>\n<p><img loading=\"lazy\" class=\"size-medium wp-image-391 alignleft\" src=\"https:\/\/www.radirofestival.ro\/wp-content\/uploads\/2018\/09\/NELSON-GOERNER_-SOLIST-2_-credit-Marco-Borggreve-300x200.jpg\" alt=\"\" width=\"300\" height=\"200\" srcset=\"https:\/\/www.radirofestival.ro\/wp-content\/uploads\/2018\/09\/NELSON-GOERNER_-SOLIST-2_-credit-Marco-Borggreve-300x200.jpg 300w, https:\/\/www.radirofestival.ro\/wp-content\/uploads\/2018\/09\/NELSON-GOERNER_-SOLIST-2_-credit-Marco-Borggreve-768x512.jpg 768w, https:\/\/www.radirofestival.ro\/wp-content\/uploads\/2018\/09\/NELSON-GOERNER_-SOLIST-2_-credit-Marco-Borggreve-1024x683.jpg 1024w\" sizes=\"(max-width: 300px) 100vw, 300px\" \/><\/p>\n<p>&nbsp;<\/p>\n<p>Nelson Goerner s-a n\u0103scut \u00een 1969 \u00een Argentina \u0219i este ast\u0103zi unul dintre cei mai cunoscu\u021bi piani\u0219ti ai genera\u021biei sale. A primit Premiul I la Concursul Liszt din Buenos Aires \u00een 1986, iar \u00een 1990 a c\u00e2\u0219tigat Premiul I la Concursul de la Geneva.<\/p>\n<p>&nbsp;<\/p>\n<p>A participat la numeroase festivaluri europene, \u00eentre care festivalurile de la Salzburg, La Roque d\u2019Antheron, Verbier, La Grange de Meslay \u0219i Schleswig-Holstein. Pe agenda urm\u0103toarei stagiuni se afl\u0103 concerte al\u0103turi de Philharmonia, Residentie Orchestra, La Monnaie Orchestra, precum \u0219i recitaluri la Paris, Bruxelles, Londra, Zurich, Barcelona, San Francisco \u0219i Vancouver. Discografia lui Nelson Goerner cuprinde \u00eenregistr\u0103ri cu lucr\u0103ri de Chopin, Rachmaninov, Liszt, Brahms, Debussy (pentru care a primit premiul Diapazonul de Aur al Anului \u00een 2013), Schumann \u0219i Beethoven. Nelson Goerner are o leg\u0103tur\u0103 special\u0103 cu Mozarteum Argentino din Buenos Aires, colaboreaz\u0103 frecvent \u0219i este membru al comitetului consultativ al Institutului Chopin de la Var\u0219ovia.<\/p>\n<p><em>\u00a0<\/em><\/p>\n<p>&nbsp;<\/p>\n<ul>\n<li><em>credit photo:\u00a0Marco-Borggreve<\/em><\/li>\n<\/ul>\n","protected":false},"excerpt":{"rendered":"<p>&nbsp; &nbsp; Nelson Goerner s-a n\u0103scut \u00een 1969 \u00een Argentina \u0219i este ast\u0103zi unul dintre cei mai cunoscu\u021bi piani\u0219ti ai genera\u021biei sale. A primit Premiul I la Concursul Liszt din Buenos Aires \u00een 1986, iar \u00een 1990 a c\u00e2\u0219tigat Premiul I la Concursul de la Geneva. &nbsp; A participat la numeroase festivaluri europene, \u00eentre care &hellip; <\/p>\n","protected":false},"author":2,"featured_media":392,"parent":0,"menu_order":0,"comment_status":"closed","ping_status":"closed","template":"","meta":[],"_links":{"self":[{"href":"https:\/\/www.radirofestival.ro\/index.php?rest_route=\/wp\/v2\/pages\/303"}],"collection":[{"href":"https:\/\/www.radirofestival.ro\/index.php?rest_route=\/wp\/v2\/pages"}],"about":[{"href":"https:\/\/www.radirofestival.ro\/index.php?rest_route=\/wp\/v2\/types\/page"}],"author":[{"embeddable":true,"href":"https:\/\/www.radirofestival.ro\/index.php?rest_route=\/wp\/v2\/users\/2"}],"replies":[{"embeddable":true,"href":"https:\/\/www.radirofestival.ro\/index.php?rest_route=%2Fwp%2Fv2%2Fcomments&post=303"}],"version-history":[{"count":5,"href":"https:\/\/www.radirofestival.ro\/index.php?rest_route=\/wp\/v2\/pages\/303\/revisions"}],"predecessor-version":[{"id":1434,"href":"https:\/\/www.radirofestival.ro\/index.php?rest_route=\/wp\/v2\/pages\/303\/revisions\/1434"}],"wp:featuredmedia":[{"embeddable":true,"href":"https:\/\/www.radirofestival.ro\/index.php?rest_route=\/wp\/v2\/media\/392"}],"wp:attachment":[{"href":"https:\/\/www.radirofestival.ro\/index.php?rest_route=%2Fwp%2Fv2%2Fmedia&parent=303"}],"curies":[{"name":"wp","href":"https:\/\/api.w.org\/{rel}","templated":true}]}}