{"id":57,"date":"2018-09-19T13:34:54","date_gmt":"2018-09-19T13:34:54","guid":{"rendered":"http:\/\/www.radirofestival.ro\/?page_id=57"},"modified":"2018-09-26T05:00:23","modified_gmt":"2018-09-26T05:00:23","slug":"solisti","status":"publish","type":"page","link":"https:\/\/www.radirofestival.ro\/?page_id=57","title":{"rendered":"Soli\u0219ti"},"content":{"rendered":"<div class=\"artists\">\n<section>\nKrist\u00f3f Bar\u00e1ti &#8211; violonist<\/p>\n<div><a href=\"https:\/\/www.radirofestival.ro\/?page_id=290\"><img loading=\"lazy\" src=\"\/wp-content\/uploads\/2018\/09\/Kristof-Barati__SOLIST1_credit-Marco-Borggreve-3.jpg\" alt=\"Krist\u00f3f Bar\u00e1ti - violonist\" height=\"220\" width=\"340\"><\/a><\/div>\n<\/section>\n<section>\nRay Chen &#8211; violonist <\/p>\n<div><a href=\"https:\/\/www.radirofestival.ro\/?page_id=294\"><img loading=\"lazy\" src=\"\/wp-content\/uploads\/2018\/09\/Ray-Chen_SOLIST-1_Photo-Credit-John-Mac-1.jpg\" alt=\"Ray Chen - violonist\" height=\"220\" width=\"222\"><\/a><\/div>\n<\/section>\n<section>\nDavid Fray  &#8211; pianist<\/p>\n<div><a href=\"https:\/\/www.radirofestival.ro\/?page_id=299\"><img loading=\"lazy\" src=\"\/wp-content\/uploads\/2018\/09\/David-Fray_SOLIST-1-_-credit-Paolo-Roversi.jpg\" alt=\"David Fray  - pianist\" height=\"220\" width=\"280\"><\/a><\/div>\n<\/section>\n<section>\nNelson Goerner &#8211; pianist<\/p>\n<div><a href=\"https:\/\/www.radirofestival.ro\/?page_id=303\"><img loading=\"lazy\" src=\"\/wp-content\/uploads\/2018\/09\/NELSON-GOERNER_SOLIST-1-_-credit-Marco-Borggreve-2.jpg\" alt=\"Nelson Goerner - pianist\" height=\"220\" width=\"280\"><\/a><\/div>\n<\/section>\n<section>\nAndrei Ioni\u0163\u0103 &#8211; violoncelist<\/p>\n<div><a href=\"https:\/\/www.radirofestival.ro\/?page_id=307\"><img loading=\"lazy\" src=\"\/wp-content\/uploads\/2018\/09\/Andrei-Ionita_SOLIST-1_-r-Nikolaj-Lund-1.jpg\" alt=\"Andrei Ioni\u0163\u0103 - violoncelist\" height=\"220\" width=\"300\"><\/a><\/div>\n<\/section>\n<section>\nSimone Lamsma &#8211; violonista<\/p>\n<div><a href=\"https:\/\/www.radirofestival.ro\/?page_id=311\"><img loading=\"lazy\" src=\"\/wp-content\/uploads\/2018\/09\/Simone-Lamsma_SOLIST-1_credit-Merlijn-Doomernik-3.jpg\" alt=\"Simone Lamsma - violonista\" height=\"220\" width=\"222\"><\/a><\/div>\n<\/section>\n<section>\nJavier Perianes &#8211; pianist<\/p>\n<div><a href=\"https:\/\/www.radirofestival.ro\/?page_id=822\"><img loading=\"lazy\" src=\"\/wp-content\/uploads\/2018\/09\/J_Perianes-13E.jpg\" alt=\"Javier Perianes - pianist\" height=\"220\" width=\"222\"><\/a><\/div>\n<\/section>\n<section>\nMihai Ritivoiu &#8211; pianist<\/p>\n<div><a href=\"https:\/\/www.radirofestival.ro\/?page_id=319\"><img loading=\"lazy\" src=\"\/wp-content\/uploads\/2018\/09\/mihai-ritivoiu-1.jpg\" alt=\"Mihai Ritivoiu - pianist\" height=\"220\" width=\"222\"><\/a><\/div>\n<\/section>\n<\/div>\n","protected":false},"excerpt":{"rendered":"<p>Krist\u00f3f Bar\u00e1ti &#8211; violonist Ray Chen &#8211; violonist David Fray &#8211; pianist Nelson Goerner &#8211; pianist Andrei Ioni\u0163\u0103 &#8211; violoncelist Simone Lamsma &#8211; violonista Javier Perianes &#8211; pianist Mihai Ritivoiu &#8211; pianist<\/p>\n","protected":false},"author":1,"featured_media":986,"parent":0,"menu_order":0,"comment_status":"closed","ping_status":"closed","template":"","meta":[],"_links":{"self":[{"href":"https:\/\/www.radirofestival.ro\/index.php?rest_route=\/wp\/v2\/pages\/57"}],"collection":[{"href":"https:\/\/www.radirofestival.ro\/index.php?rest_route=\/wp\/v2\/pages"}],"about":[{"href":"https:\/\/www.radirofestival.ro\/index.php?rest_route=\/wp\/v2\/types\/page"}],"author":[{"embeddable":true,"href":"https:\/\/www.radirofestival.ro\/index.php?rest_route=\/wp\/v2\/users\/1"}],"replies":[{"embeddable":true,"href":"https:\/\/www.radirofestival.ro\/index.php?rest_route=%2Fwp%2Fv2%2Fcomments&post=57"}],"version-history":[{"count":11,"href":"https:\/\/www.radirofestival.ro\/index.php?rest_route=\/wp\/v2\/pages\/57\/revisions"}],"predecessor-version":[{"id":957,"href":"https:\/\/www.radirofestival.ro\/index.php?rest_route=\/wp\/v2\/pages\/57\/revisions\/957"}],"wp:featuredmedia":[{"embeddable":true,"href":"https:\/\/www.radirofestival.ro\/index.php?rest_route=\/wp\/v2\/media\/986"}],"wp:attachment":[{"href":"https:\/\/www.radirofestival.ro\/index.php?rest_route=%2Fwp%2Fv2%2Fmedia&parent=57"}],"curies":[{"name":"wp","href":"https:\/\/api.w.org\/{rel}","templated":true}]}}