{"id":842,"date":"2018-09-25T21:14:28","date_gmt":"2018-09-25T21:14:28","guid":{"rendered":"http:\/\/www.radirofestival.ro\/?page_id=842"},"modified":"2018-10-24T10:54:50","modified_gmt":"2018-10-24T10:54:50","slug":"program-simfonic-sala-radio","status":"publish","type":"page","link":"https:\/\/www.radirofestival.ro\/?page_id=842","title":{"rendered":"Concerte simfonice"},"content":{"rendered":"<h4>Sala Radio<\/h4>\n<p><span style=\"color: #ff0000;\"><strong>Duminic\u0103 18 noiembrie 2018,\u00a0 ora 19,00<\/strong><\/span><br \/>\n<strong><a href=\"https:\/\/www.radirofestival.ro\/?page_id=246\"><span style=\"color: #ff9900;\">ORCHESTRA NA\u0162IONAL\u0102 RADIO<\/span><\/a><br \/>\n<\/strong>Dirijor:\u00a0<strong><a href=\"https:\/\/www.radirofestival.ro\/?page_id=266\">Jean-Claude Casadesus<\/a><br \/>\n<\/strong>Solist:\u00a0<a href=\"https:\/\/www.radirofestival.ro\/?page_id=822\"><strong>Javier Perianes<\/strong><\/a>\u00a0\u2013 pian<br \/>\nIn program:<br \/>\n<em><strong>George Enescu<\/strong><\/em>: Rapsodia op. 11 nr. 1 \u00een La major<br \/>\n<em><strong>Maurice Ravel<\/strong><\/em>: Concertul \u00een Sol pentru pian \u0219i orchestr\u0103<br \/>\n<em><strong>Maurice Ravel<\/strong><\/em>: Pavana pentru o infant\u0103 defunct\u0103<br \/>\n<em><strong>Claude Debussy<\/strong><\/em>:\u00a0 Preludiu la dup\u0103-amiaza unui faun<br \/>\n<em><strong>Maurice Ravel<\/strong><\/em>:\u00a0 Suita a II-a\u00a0<em>\u201dDaphnis si Chlo\u00e9<\/em><em>\u201d<br \/>\n<\/em><strong><span style=\"color: #ff9900;\">CORUL ACADEMIC RADIO<\/span><br \/>\n<\/strong>Dirijor:\u00a0<strong>Ciprian \u021au\u021bu<\/strong><\/p>\n<p>&nbsp;<\/p>\n<p><span style=\"color: #ff0000;\"><strong>Luni 19 noiembrie 2018, ora 19,00<\/strong><\/span><br \/>\n<strong><a href=\"https:\/\/www.radirofestival.ro\/?page_id=234\"><span style=\"color: #ff9900;\">MDR LEIPZIG RADIO SYMPHONY ORCHESTRA<\/span><\/a><br \/>\n<\/strong>Dirijor:\u00a0<strong><a href=\"https:\/\/www.radirofestival.ro\/?page_id=286\">Robert Trevino<\/a><br \/>\n<\/strong>Solist\u0103:\u00a0<a href=\"https:\/\/www.radirofestival.ro\/?page_id=311\"><strong>Simone Lamsma<\/strong><\/a>\u00a0\u2013 vioar\u0103<br \/>\nIn program:<br \/>\n<em><strong>Max Bruch<\/strong><\/em>\u00a0: Concertul nr. 1 op. 26 \u00een sol minor pentru vioar\u0103 \u0219i orchestr\u0103<br \/>\n<em><strong>Gustav Mahler:<\/strong><\/em>\u00a0Simfonia a V-a<\/p>\n<p>&nbsp;<\/p>\n<p><span style=\"color: #ff0000;\"><strong>Mar\u021bi 20 noiembrie 2018, ora 19,00<\/strong><\/span><br \/>\n<strong><a href=\"https:\/\/www.radirofestival.ro\/?page_id=234\"><span style=\"color: #ff9900;\">MDR LEIPZIG RADIO SYMPHONY ORCHESTRA<\/span><\/a><br \/>\n<\/strong>Dirijor:\u00a0<strong><a href=\"https:\/\/www.radirofestival.ro\/?page_id=286\">Robert Trevino<\/a><br \/>\n<\/strong>Solist:\u00a0<a href=\"https:\/\/www.radirofestival.ro\/?page_id=319\"><strong>Mihai Ritivoiu<\/strong>\u00a0<\/a>\u2013 pian<br \/>\nIn program:<br \/>\n<em><strong>Serghei Prokofiev<\/strong>:<\/em>\u00a0Concertul nr. 3 pentru pian \u015fi orchestr\u0103<br \/>\n<em><strong>Richard Strauss<\/strong>:<\/em>\u00a0Poemul simfonic\u00a0 op. 40\u00a0<em>\u201dO via\u021b\u0103 de erou\u201d<\/em><\/p>\n<p>&nbsp;<\/p>\n<p><span style=\"color: #ff0000;\"><strong>Miercuri 21 noiembrie 2018, ora 19,00<\/strong><\/span><br \/>\n<strong><a href=\"https:\/\/www.radirofestival.ro\/?page_id=246\"><span style=\"color: #ff9900;\">ORCHESTRA NA\u0162IONAL\u0102 RADIO<\/span><\/a><br \/>\n<\/strong>Dirijor:\u00a0<a href=\"https:\/\/www.radirofestival.ro\/?page_id=270\"><strong>Fr\u00e9d\u00e9ric Chaslin<\/strong><\/a><br \/>\nSolist:\u00a0<a href=\"https:\/\/www.radirofestival.ro\/?page_id=299\"><strong>David Fray<\/strong><\/a>\u00a0\u2013 pian<br \/>\nIn program:<br \/>\n<em><strong>Piotr Ilici Ceaikovski<\/strong><\/em>:\u00a0 Uvertura-fantezie\u00a0<em>\u201dRomeo \u015fi Julieta\u201d<\/em><br \/>\n<em><strong>Robert Schumann<\/strong><\/em>:\u00a0 Concertul op. 54 \u00een la minor pentru pian \u015fi orchestr\u0103<br \/>\n<em><strong>Nikolai Rimski \u2013 Korsakov<\/strong><\/em>:\u00a0 Suita simfonic\u0103\u00a0<em>\u201dSeherazada\u201d<\/em><\/p>\n<p>&nbsp;<\/p>\n<p><span style=\"color: #ff0000;\"><strong>Joi 22 noiembrie 2018, ora 19,00<\/strong><\/span><br \/>\n<strong><a href=\"https:\/\/www.radirofestival.ro\/?page_id=230\"><span style=\"color: #ff9900;\">BBC PHILHARMONIC ORCHESTRA<\/span><\/a><br \/>\n<\/strong>Dirijor:\u00a0<strong><a href=\"https:\/\/www.radirofestival.ro\/?page_id=278\">Moritz Gnann<\/a><br \/>\n<\/strong>Solist:\u00a0<a href=\"https:\/\/www.radirofestival.ro\/?page_id=307\"><strong>Andrei Ioni\u021b\u0103<\/strong><\/a>\u00a0\u2013 violoncel<br \/>\nIn program:<br \/>\n<em><strong>Rudi Stephan<\/strong><\/em>\u00a0: 1912 Music for Orchestra<br \/>\n<em><strong>Joseph Haydn<\/strong><\/em>:\u00a0Concertul \u00een Do major pentru violoncel \u015fi orchestr\u0103<br \/>\n<em><strong>George Enescu<\/strong><\/em>:\u00a0 Rapsodia op. 11 nr. 2 \u00een Re major<br \/>\n<em><strong>Dmitri Sostakovici<\/strong><\/em>: Simfonia a IX-a op. 70<\/p>\n<p>&nbsp;<\/p>\n<p><span style=\"color: #ff0000;\"><strong>Vineri 23 noiembrie 2018, ora 19,00<\/strong><\/span><br \/>\n<strong><a href=\"https:\/\/www.radirofestival.ro\/?page_id=230\"><span style=\"color: #ff9900;\">BBC PHILHARMONIC ORCHESTRA<\/span><\/a><br \/>\n<\/strong>Dirijor:\u00a0\u00a0<strong><a href=\"https:\/\/www.radirofestival.ro\/?page_id=274\">Ben Gernon<\/a><br \/>\n<\/strong>Solist:\u00a0<a href=\"https:\/\/www.radirofestival.ro\/?page_id=290\"><strong>Krist\u00f3f Bar\u00e1ti<\/strong>\u00a0<\/a>\u00a0\u2013 vioar\u0103<br \/>\nIn program:<br \/>\n<em><strong>B\u00e9la Bart\u00f3k<\/strong><\/em>\u00a0: Concertul nr. 2 pentru vioar\u0103 \u0219i orchestr\u0103<br \/>\n<em><strong>Serghei Rachmaninov<\/strong><\/em>: Simfonia a II-a op. 27 \u00een mi minor<\/p>\n<p>&nbsp;<\/p>\n<p><span style=\"color: #ff0000;\"><strong>S\u00e2mb\u0103t\u0103\u00a0 24 noiembrie 2018, ora 19,00<\/strong><\/span><br \/>\n<strong><a href=\"https:\/\/www.radirofestival.ro\/?page_id=238\"><span style=\"color: #ff9900;\">ORCHESTRA DE LA SVIZZERA ITALIANA LUGANO<\/span><\/a><br \/>\n<\/strong>Dirijor:\u00a0<strong><a href=\"https:\/\/www.radirofestival.ro\/?page_id=262\">Vladimir Ashkenazy<\/a><br \/>\n<\/strong>Solist:\u00a0<a href=\"https:\/\/www.radirofestival.ro\/?page_id=303\"><strong>Nelson Goerner<\/strong><\/a>\u00a0\u2013 pian<br \/>\nIn program:<br \/>\n<em><strong>Wolfgang Amadeus Mozart<\/strong><\/em>: Uvertura operei\u00a0<em>\u201dNunta lui Figaro\u201d<\/em><br \/>\n<em><strong>Wolfgang Amadeus Mozart<\/strong><\/em>: Concertul nr. 24 KV 491 \u00een do minor pentru pian \u015fi orchestr\u0103<br \/>\n<strong><em>Jean Sibelius<\/em><\/strong>:\u00a0 Muzica de scen\u0103<em>\u00a0\u201ePell\u00e9as \u0219i M\u00e9lisande\u201d\u00a0<\/em>\u00a0op. 46<\/p>\n<p>&nbsp;<\/p>\n<p><span style=\"color: #ff0000;\"><strong>Duminic\u0103 25 noiembrie 2018, ora 19,00<\/strong><\/span><br \/>\n<a href=\"https:\/\/www.radirofestival.ro\/?page_id=242\"><span style=\"color: #ff9900;\"><strong>RT<\/strong><strong>\u00c9<\/strong><\/span><\/a><strong><span style=\"color: #ff9900;\">\u00a0NATIONAL SYMPHNONY ORCHESTRA<\/span><br \/>\n<\/strong>Dirijoare:\u00a0<strong><a href=\"https:\/\/www.radirofestival.ro\/?page_id=282\">Nathalie Stutzmann<\/a><br \/>\n<\/strong>Solist:\u00a0<a href=\"https:\/\/www.radirofestival.ro\/?page_id=294\"><strong>Ray Chen<\/strong>\u00a0<\/a>\u2013 vioar\u0103<br \/>\nProgram integral\u00a0<em><strong>Ceaikovski<br \/>\n<\/strong><\/em>Uvertura operei \u201eDama de pic\u0103\u201d<br \/>\nPoloneza din opera \u201eEvgheni Oneghin\u201d<br \/>\nConcertul op. 35 \u00een Re major pentru vioar\u0103 \u0219i orchestr\u0103<br \/>\nSimfonia a V-a op. 64 \u00een mi minor<\/p>\n<p>&nbsp;<\/p>\n","protected":false},"excerpt":{"rendered":"<p>Sala Radio Duminic\u0103 18 noiembrie 2018,\u00a0 ora 19,00 ORCHESTRA NA\u0162IONAL\u0102 RADIO Dirijor:\u00a0Jean-Claude Casadesus Solist:\u00a0Javier Perianes\u00a0\u2013 pian In program: George Enescu: Rapsodia op. 11 nr. 1 \u00een La major Maurice Ravel: Concertul \u00een Sol pentru pian \u0219i orchestr\u0103 Maurice Ravel: Pavana pentru o infant\u0103 defunct\u0103 Claude Debussy:\u00a0 Preludiu la dup\u0103-amiaza unui faun Maurice Ravel:\u00a0 Suita a &hellip; <\/p>\n","protected":false},"author":2,"featured_media":0,"parent":0,"menu_order":0,"comment_status":"closed","ping_status":"closed","template":"","meta":[],"_links":{"self":[{"href":"https:\/\/www.radirofestival.ro\/index.php?rest_route=\/wp\/v2\/pages\/842"}],"collection":[{"href":"https:\/\/www.radirofestival.ro\/index.php?rest_route=\/wp\/v2\/pages"}],"about":[{"href":"https:\/\/www.radirofestival.ro\/index.php?rest_route=\/wp\/v2\/types\/page"}],"author":[{"embeddable":true,"href":"https:\/\/www.radirofestival.ro\/index.php?rest_route=\/wp\/v2\/users\/2"}],"replies":[{"embeddable":true,"href":"https:\/\/www.radirofestival.ro\/index.php?rest_route=%2Fwp%2Fv2%2Fcomments&post=842"}],"version-history":[{"count":32,"href":"https:\/\/www.radirofestival.ro\/index.php?rest_route=\/wp\/v2\/pages\/842\/revisions"}],"predecessor-version":[{"id":1113,"href":"https:\/\/www.radirofestival.ro\/index.php?rest_route=\/wp\/v2\/pages\/842\/revisions\/1113"}],"wp:attachment":[{"href":"https:\/\/www.radirofestival.ro\/index.php?rest_route=%2Fwp%2Fv2%2Fmedia&parent=842"}],"curies":[{"name":"wp","href":"https:\/\/api.w.org\/{rel}","templated":true}]}}