{"id":844,"date":"2018-09-25T21:19:54","date_gmt":"2018-09-25T21:19:54","guid":{"rendered":"http:\/\/www.radirofestival.ro\/?page_id=844"},"modified":"2018-10-24T10:56:39","modified_gmt":"2018-10-24T10:56:39","slug":"symphonic-concerts","status":"publish","type":"page","link":"https:\/\/www.radirofestival.ro\/?page_id=844&lang=en","title":{"rendered":"Symphonic\u00a0Concerts"},"content":{"rendered":"<h4>The Romanian Radio Hall<\/h4>\n<h5>(Sala Radio) \u2013 Bucharest (Romania)<\/h5>\n<p>&nbsp;<\/p>\n<p><span style=\"color: #ff9900;\"><strong>Sunday, November 18th 2018, 7 pm<\/strong><\/span><br \/>\n<span style=\"color: #ff0000;\"><a style=\"color: #ff0000;\" href=\"https:\/\/www.radirofestival.ro\/?page_id=995&amp;lang=en\"><strong>Romanian Radio National Orchestra<\/strong><\/a> (Romania)<\/span><br \/>\nConductor:\u00a0<span style=\"color: #ff0000;\"><a style=\"color: #ff0000;\" href=\"https:\/\/www.radirofestival.ro\/?page_id=268&amp;lang=en\"><strong>Jean-Claude Casadesus<\/strong><\/a><\/span><br \/>\nSoloist:\u00a0<span style=\"color: #ff0000;\"><a style=\"color: #ff0000;\" href=\"https:\/\/www.radirofestival.ro\/?page_id=826&amp;lang=en\"><strong>Javier Perianes<\/strong><\/a><\/span>\u00a0\u2013 piano<br \/>\nProgramme:<br \/>\n<em><strong>George Enescu<\/strong><\/em>: Romanian Rhapsody No. 1 in A major, Op. 11<br \/>\n<em><strong>Maurice Ravel<\/strong><\/em>: Piano Concerto in G major<br \/>\n<em><strong>Maurice Ravel<\/strong><\/em>: Pavane pour une infante d\u00e9funte<br \/>\n<em><strong>Claude Debussy<\/strong><\/em>: Prelude to the Afternoon of a Faun (Pr\u00e9lude \u00e0 l\u2019apr\u00e8s-midi d\u2019un faune)<br \/>\n<em><strong>Maurice Ravel<\/strong><\/em>: Daphnis and Chlo\u00e9 (Daphnis et Chlo\u00e9) Suite No. 2<br \/>\n<span style=\"color: #ff0000;\"><strong>Romanian Radio Academic Choir<\/strong><\/span><br \/>\nConductor:\u00a0<span style=\"color: #ff0000;\"><strong>Ciprian \u021au\u021bu<\/strong><\/span><\/p>\n<p>&nbsp;<\/p>\n<p><span style=\"color: #ff9900;\"><strong>Monday, November 19th 2018, 7 pm<\/strong><\/span><br \/>\n<strong><span style=\"color: #ff9900;\"><a href=\"https:\/\/www.radirofestival.ro\/?page_id=236&amp;lang=en\"><span style=\"color: #ff9900;\"><span style=\"color: #ff0000;\">MDR Leipzig Radio Symphony Orchestra<\/span><\/span><\/a><span style=\"color: #ff0000;\">\u00a0<\/span><\/span><\/strong><span style=\"color: #ff0000;\">(Germany)<\/span><br \/>\nConductor:<span style=\"color: #ff0000;\"><a style=\"color: #ff0000;\" href=\"https:\/\/www.radirofestival.ro\/?page_id=288&amp;lang=en\">\u00a0<strong>Robert Trevino<\/strong><\/a><\/span><br \/>\nSoloist:\u00a0<span style=\"color: #ff0000;\"><a style=\"color: #ff0000;\" href=\"https:\/\/www.radirofestival.ro\/?page_id=645&amp;lang=en\"><strong>Simone Lamsma<\/strong>\u00a0<\/a><\/span>\u2013 violin<br \/>\nProgramme:<br \/>\n<em><strong>Max Bruch<\/strong><\/em>:\u00a0 Violin Concerto No.1 in G minor, Op.26<br \/>\n<em><strong>Gustav Mahler<\/strong><\/em>: Symphony No. 5<\/p>\n<p>&nbsp;<\/p>\n<p><span style=\"color: #ff9900;\"><strong>Tuesday, November 20th 2018, 7 pm<\/strong><\/span><br \/>\n<a href=\"https:\/\/www.radirofestival.ro\/?page_id=236&amp;lang=en\"><strong><span style=\"color: #ff9900;\"><span style=\"color: #ff0000;\">MDR Leipzig Radio Symphony Orchestra<\/span><\/span><\/strong><\/a><span style=\"color: #ff0000;\"> (Germany)<\/span><br \/>\nConductor:\u00a0<span style=\"color: #ff0000;\"><a style=\"color: #ff0000;\" href=\"https:\/\/www.radirofestival.ro\/?page_id=288&amp;lang=en\"><strong>Robert Trevino<\/strong><\/a><\/span><br \/>\nSoloist:\u00a0<span style=\"color: #ff9900;\"><span style=\"color: #ff0000;\"><a style=\"color: #ff0000;\" href=\"https:\/\/www.radirofestival.ro\/?page_id=321&amp;lang=en\"><strong>Mihai Ritivoiu<\/strong><\/a><\/span>\u00a0<\/span>\u2013 piano<br \/>\nProgramme:<br \/>\n<strong><em>Sergei Prokofiev<\/em><\/strong>:\u00a0 Piano Concerto No. 3 in C major, Op. 26<br \/>\n<em><strong>Richard Strauss<\/strong><\/em>:\u00a0 A Hero\u2019s Life (Ein Heldenleben) Tone Poem, Op. 40<\/p>\n<p>&nbsp;<\/p>\n<p><span style=\"color: #ff9900;\"><strong>Wednesday, November 21st 2018, 7 pm<\/strong><\/span><br \/>\n<a href=\"https:\/\/www.radirofestival.ro\/?page_id=995&amp;lang=en\"><strong><span style=\"color: #ff9900;\"><span style=\"color: #ff0000;\">\u00a0Romanian Radio National\u00a0 Orchestra<\/span><\/span><\/strong><\/a><span style=\"color: #ff0000;\"> (Romania)<\/span><br \/>\n<span style=\"color: #ff0000;\">Conductor:<\/span>\u00a0<span style=\"color: #ff0000;\"><a style=\"color: #ff0000;\" href=\"https:\/\/www.radirofestival.ro\/?page_id=272&amp;lang=en\"><strong>Fr\u00e9d\u00e9ric Chaslin<\/strong><\/a><\/span><br \/>\nSoloist:\u00a0<span style=\"color: #ff9900;\"><span style=\"color: #ff0000;\"><a style=\"color: #ff0000;\" href=\"http:\/\/w.radirofestival.ro\/?page_id=301&amp;lang=en\"><strong>David Fray<\/strong><\/a><\/span>\u00a0<\/span>\u2013 piano<br \/>\nProgramme:<br \/>\n<strong><em>Pyotr Ilyich Tchaikovsky<\/em><\/strong>:\u00a0 Romeo and Juliet, Fantasy Overture<br \/>\n<em><strong>Robert Schumann<\/strong><\/em>: Piano Concerto in A minor, Op. 54<br \/>\n<em><strong>Nikolay Rimsky-Korsakov<\/strong><\/em>:\u00a0 Scheherazade Symphonic Suite, Op. 35<\/p>\n<p>&nbsp;<\/p>\n<p><span style=\"color: #ff9900;\"><strong>Thursday, November 22nd 2018, 7 pm<\/strong><\/span><br \/>\n<span style=\"color: #ff0000;\"><strong><a style=\"color: #ff0000;\" href=\"https:\/\/www.radirofestival.ro\/?page_id=232&amp;lang=en\">BBC Philharmonic Orchestra<\/a>\u00a0<\/strong>(UK)<\/span><br \/>\nConductor:\u00a0<span style=\"color: #ff0000;\"><a style=\"color: #ff0000;\" href=\"https:\/\/www.radirofestival.ro\/?page_id=637&amp;lang=en\"><strong>Moritz Gnann<\/strong><\/a><\/span><br \/>\nSoloist:\u00a0<span style=\"color: #ff9900;\"><span style=\"color: #ff0000;\"><a style=\"color: #ff0000;\" href=\"https:\/\/www.radirofestival.ro\/?page_id=309&amp;lang=en\"><strong>Andrei Ioni\u021b\u0103<\/strong><\/a><\/span>\u00a0<\/span>\u2013 cello<br \/>\nProgramme:<br \/>\n<em><strong>Rudi Stephan<\/strong><\/em>:\u00a0 1912 Music for Orchestra<br \/>\n<em><strong>Joseph Haydn<\/strong><\/em>:\u00a0 Cello Concerto No. 1 in C major<br \/>\n<em><strong>George Enescu<\/strong><\/em>:\u00a0 Romanian Rhapsody No. 2 in D major, Op. 11<br \/>\n<em><strong>Dmitri Dmitriyevich Shostakovic<\/strong><\/em>:\u00a0 Symphony No. 9, Op. 70<\/p>\n<p>&nbsp;<\/p>\n<p><span style=\"color: #ff9900;\"><strong>Friday, November 23rd 2018, 7 pm<\/strong><\/span><br \/>\n<span style=\"color: #ff0000;\"><a style=\"color: #ff0000;\" href=\"https:\/\/www.radirofestival.ro\/?page_id=232&amp;lang=en\"><strong>BBC Philharmonic Orchestra <\/strong><\/a>(UK)<\/span><br \/>\nConductor:\u00a0<span style=\"color: #ff0000;\"><a style=\"color: #ff0000;\" href=\"https:\/\/www.radirofestival.ro\/?page_id=635&amp;lang=en\"><strong>Ben Gernon<\/strong><\/a><\/span><br \/>\nSoloist:\u00a0<span style=\"color: #ff0000;\"><a style=\"color: #ff0000;\" href=\"https:\/\/www.radirofestival.ro\/?page_id=997&amp;lang=en\"><strong>Krist\u00f3f Bar\u00e1ti<\/strong>\u00a0<\/a><\/span>\u2013 violin<br \/>\nProgramme:<br \/>\n<em><strong>B\u00e9la Bart\u00f3k<\/strong><\/em>: Violin Concerto No. 2<br \/>\n<em><strong>Sergei Rachmaninoff:<\/strong><\/em>\u00a0 Symphony No. 2 in E minor, Op. 27<\/p>\n<p>&nbsp;<\/p>\n<p><span style=\"color: #ff9900;\"><strong>Saturday, November 24th 2018, 7 pm<\/strong><\/span><br \/>\n<strong><span style=\"color: #ff9900;\"><a style=\"color: #ff9900;\" href=\"https:\/\/www.radirofestival.ro\/?page_id=240&amp;lang=en\"><span style=\"color: #ff0000;\">Orchestra de la Svizzera Italiana \u2013 Lugano<\/span><\/a><span style=\"color: #ff0000;\">\u00a0<\/span><\/span><\/strong><span style=\"color: #ff0000;\">(Switzerland)<\/span><br \/>\nConductor:\u00a0<span style=\"color: #ff0000;\"><a style=\"color: #ff0000;\" href=\"https:\/\/www.radirofestival.ro\/?page_id=641&amp;lang=en\"><strong>Vladimir Ashkenazy<\/strong><\/a><\/span><br \/>\nSoloist:\u00a0<span style=\"color: #ff0000;\"><a style=\"color: #ff0000;\" href=\"https:\/\/www.radirofestival.ro\/?page_id=305&amp;lang=en\"><strong>Nelson Goerner<\/strong><\/a><\/span>\u00a0\u2013 piano<br \/>\nProgramme:<br \/>\n<em><strong>Wolfgang Amadeus Mozart<\/strong><\/em>: The Marriage of Figaro Overture<br \/>\n<em><strong>Wolfgang Amadeus Mozart<\/strong><\/em>:\u00a0 Piano Concerto No. 24 in C minor, KV 491<br \/>\n<em><strong>Jean Sibelius<\/strong><\/em>: Pell\u00e9as et M\u00e9lisande (Pell\u00e9as och M\u00e9lisande) Incidental Music, Op. 46<\/p>\n<p>&nbsp;<\/p>\n<p><span style=\"color: #ff9900;\"><strong>Sunday, November 25th, 7 pm<\/strong><\/span><br \/>\n<span style=\"color: #ff0000;\"><a style=\"color: #ff0000;\" href=\"https:\/\/www.radirofestival.ro\/?page_id=643&amp;lang=en\"><strong>RT\u00c9 National Symphony Orchestra<\/strong><\/a> (Ireland)<\/span><br \/>\nConductor:<strong>\u00a0<span style=\"color: #ff0000;\"><a style=\"color: #ff0000;\" href=\"https:\/\/www.radirofestival.ro\/?page_id=639&amp;lang=en\">Nathalie Stutzmann<\/a><\/span><\/strong><br \/>\nSoloist:\u00a0<span style=\"color: #ff0000;\"><a style=\"color: #ff0000;\" href=\"https:\/\/www.radirofestival.ro\/?page_id=296&amp;lang=en\"><strong>Ray Chen<\/strong><\/a>\u00a0<\/span>\u2013 violin<br \/>\n<em><strong>Tchaikovsky<\/strong><\/em>\u00a0Programme<br \/>\nThe Queen of Spades \u2013 Overture<br \/>\nEugene Onegin, Op 24 \u2013 Polonaise<br \/>\nViolin Concerto in D major, Op. 35<br \/>\nSymphony No. 5 in E minor, Op. 64<\/p>\n<p>&nbsp;<\/p>\n","protected":false},"excerpt":{"rendered":"<p>The Romanian Radio Hall (Sala Radio) \u2013 Bucharest (Romania) &nbsp; Sunday, November 18th 2018, 7 pm Romanian Radio National Orchestra (Romania) Conductor:\u00a0Jean-Claude Casadesus Soloist:\u00a0Javier Perianes\u00a0\u2013 piano Programme: George Enescu: Romanian Rhapsody No. 1 in A major, Op. 11 Maurice Ravel: Piano Concerto in G major Maurice Ravel: Pavane pour une infante d\u00e9funte Claude Debussy: Prelude &hellip; <\/p>\n","protected":false},"author":2,"featured_media":0,"parent":0,"menu_order":0,"comment_status":"closed","ping_status":"closed","template":"","meta":[],"_links":{"self":[{"href":"https:\/\/www.radirofestival.ro\/index.php?rest_route=\/wp\/v2\/pages\/844"}],"collection":[{"href":"https:\/\/www.radirofestival.ro\/index.php?rest_route=\/wp\/v2\/pages"}],"about":[{"href":"https:\/\/www.radirofestival.ro\/index.php?rest_route=\/wp\/v2\/types\/page"}],"author":[{"embeddable":true,"href":"https:\/\/www.radirofestival.ro\/index.php?rest_route=\/wp\/v2\/users\/2"}],"replies":[{"embeddable":true,"href":"https:\/\/www.radirofestival.ro\/index.php?rest_route=%2Fwp%2Fv2%2Fcomments&post=844"}],"version-history":[{"count":11,"href":"https:\/\/www.radirofestival.ro\/index.php?rest_route=\/wp\/v2\/pages\/844\/revisions"}],"predecessor-version":[{"id":1116,"href":"https:\/\/www.radirofestival.ro\/index.php?rest_route=\/wp\/v2\/pages\/844\/revisions\/1116"}],"wp:attachment":[{"href":"https:\/\/www.radirofestival.ro\/index.php?rest_route=%2Fwp%2Fv2%2Fmedia&parent=844"}],"curies":[{"name":"wp","href":"https:\/\/api.w.org\/{rel}","templated":true}]}}